{"id":1435,"date":"2019-03-29T10:51:29","date_gmt":"2019-03-29T09:51:29","guid":{"rendered":"http:\/\/develop.docbarcelona.com\/nodetopografia\/politica-de-privacitat\/"},"modified":"2019-05-09T09:05:30","modified_gmt":"2019-05-09T08:05:30","slug":"politica-de-privacitat","status":"publish","type":"page","link":"https:\/\/node.cat\/es\/politica-de-privacitat\/","title":{"rendered":"Pol\u00edtica de privacidad"},"content":{"rendered":"\n<p><strong>RESPONSABLE DEL\nTRACTAMENT<\/strong><\/p>\n\n\n\n<p><strong>Identitat: Node\nTopografia SCP<\/strong> (tamb\u00e9 el prestador)<\/p>\n\n\n\n<p><strong>NIF:<\/strong> J67336412<\/p>\n\n\n\n<p><strong>Adre\u00e7a postal:<\/strong>\nMuralla del Tigre 12, 08302 Matar\u00f3, (Barcelona)<\/p>\n\n\n\n<p><strong>Correu electr\u00f2nic:<\/strong>\nnode@node.cat<\/p>\n\n\n\n<p><strong>Node Topografia SCP<\/strong>,\ncom a responsable del Lloc web, de conformitat amb el que disposa el Reglament\n(UE) 2016\/679 de 27 d&#8217;abril de 2016 (RGPD), la Llei Org\u00e0nica 3\/2018 de 5 de\ndesembre (LOPDGDD) i dem\u00e9s normativa legal vigent en mat\u00e8ria de protecci\u00f3 de\ndades personals, i per la Llei 34\/2002, d&#8217;11 de juliol, de Serveis de la\nSocietat de la Informaci\u00f3 i del Comer\u00e7 Electr\u00f2nic (LSSICE), l&#8217;informa que t\u00e9\nimplementades les mesures de seguretat necess\u00e0ries, d&#8217;\u00edndole t\u00e8cnica i\norganitzatives, per garantir i protegir la confidencialitat, integritat i\ndisponibilitat de les dades introdu\u00efdes.<\/p>\n\n\n\n<p><strong>FINALITAT DEL TRACTAMENT<\/strong><\/p>\n\n\n\n<p>Les seves dades personals nom\u00e9s s&#8217;utilitzaran per a les\nseg\u00fcents finalitats:<\/p>\n\n\n\n<p>&#8211; Realitzar les gestions comercials i administratives\nnecess\u00e0ries amb els usuaris de la web;<\/p>\n\n\n\n<p>&#8211; Remetre les comunicacions comercials publicit\u00e0ries per\nemail, fax, SMS, MMS, comunitats socials o qualsevol altre mitj\u00e0 electr\u00f2nic o\nf\u00edsic, en cas que l&#8217;Usuari hagi consentit expressament a l&#8217;enviament de\ncomunicacions comercials per via electr\u00f2nica mitjan\u00e7ant la subscripci\u00f3 de la\nNEWSLETTER;<\/p>\n\n\n\n<p>&#8211; Respondre a les consultes i\/o proporcionar informacions\nrequerides per l&#8217;Usuari;<\/p>\n\n\n\n<p>&#8211; Realitzar les prestacions de serveis i\/o productes\ncontractats o subscrits per l&#8217;Usuari<\/p>\n\n\n\n<p>&#8211; Utilitzar les seves dades per contactar-li, tant per via\nelectr\u00f2nica com no electr\u00f2nica, per obtenir la seva opini\u00f3 sobre el servei\nprestat i,<\/p>\n\n\n\n<p>&#8211; Notificar-li canvis, desenvolupaments importants de la\npol\u00edtica de privacitat, av\u00eds legal o pol\u00edtica de cookies. <\/p>\n\n\n\n<p>&#8211; Es realitzaran an\u00e0lisi de perfils i d&#8217;usabilitat. <\/p>\n\n\n\n<p>&#8211; Les dades de clients i\/o prove\u00efdors seran tractats, dins\nde la relaci\u00f3 contractual que els vincula amb el responsable, en compliment de\nles obligacions administratives, fiscals, comptables i laborables que siguin\nnecess\u00e0ries en virtut de la legislaci\u00f3 vigent.<\/p>\n\n\n\n<p>Pot revocar a qualsevol moment el seu consentiment remetent\nun escrit amb l&#8217;assumpte \u201cBaixa\u201d a node@node.cat.<\/p>\n\n\n\n<p>D&#8217;acord amb la LSSICE, Node Topografia SCP no realitza\npr\u00e0ctiques de SPAM, per tant, no envia correus comercials per e-mail que no\nhagin estat pr\u00e8viament sol\u00b7licitats o autoritzats per l&#8217;Usuari. En\nconseq\u00fc\u00e8ncia, en totes les comunicacions que rebr\u00e0 del prestador, l&#8217;usuari t\u00e9\nla possibilitat de cancel\u00b7lar el seu consentiment expr\u00e9s per rebre les nostres\ncomunicacions. No tractarem les seves dades personals per a cap altra finalitat\nde les descrites llevat per obligaci\u00f3 legal o requeriment judicial.<\/p>\n\n\n\n<p><strong>LEGITIMACI\u00d3 DEL TRACTAMENT<\/strong><\/p>\n\n\n\n<p>La base legal per al tractament de les dades \u00e9s el seu\nconsentiment atorgat per dur a terme les finalitats anteriorment descrites, que\nse sol\u00b7licitar\u00e0 al moment de marcat de la casella corresponent a l&#8217;hora de\nrecollir les seves dades.<\/p>\n\n\n\n<p>El no facilitar les dades personals sol\u00b7licitades o el no\nacceptar la present pol\u00edtica de protecci\u00f3 de dades suposa la impossibilitat de\nsubscriure&#8217;s, registrar-se o rebre informaci\u00f3 dels productes i serveis del\nPrestador.<\/p>\n\n\n\n<p>En els casos en qu\u00e8 existeixi una pr\u00e8via relaci\u00f3 contractual\nentre les parts, la legitimaci\u00f3 per al desenvolupament de les obligacions\nadministratives, fiscals, comptables i laborals que siguin necess\u00e0ries en\nvirtut de la legislaci\u00f3 vigent ser\u00e0 l&#8217;exist\u00e8ncia pr\u00e8via de la relaci\u00f3 comercial\nestablerta entre les parts.<\/p>\n\n\n\n<p><strong>DESTINATARIS DE CESSIONS O\nTRANSFER\u00c8NCIES<\/strong><\/p>\n\n\n\n<p>Node Topografia SCP no duu a terme cap cessi\u00f3 o comunicaci\u00f3\nde dades tret que existeixi necessitat raonable per complir amb un procediment\njudicial, obligaci\u00f3 legal o pr\u00e8via obtenci\u00f3 del consentiment de l&#8217;usuari.<\/p>\n\n\n\n<p>Tampoc es realitzaran transfer\u00e8ncies internacionals de les\nseves dades de car\u00e0cter personal sense el seu consentiment previ sense\nperjudici de poder bloquejar o cancel\u00b7lar el seu compte si pot haver-hi indicis\nde la comissi\u00f3 d&#8217;algun delicte per part de l&#8217;usuari. La informaci\u00f3 facilitada\nser\u00e0 solament la que disposi en aquest moment el prestador. <\/p>\n\n\n\n<p>Node Topografia SCP no cedir\u00e0 les dades recollides a tercers tret que existeixi necessitat raonable per complir amb un procediment judicial, obligaci\u00f3 legal o pr\u00e8via obtenci\u00f3 del consentiment de l&#8217;usuari.<\/p>\n\n\n\n<p><strong>COMUNICACIONS<\/strong><\/p>\n\n\n\n<p>Qualsevol comunicaci\u00f3 remesa quedar\u00e0 incorporada als\nsistemes d&#8217;informaci\u00f3 de Node Topografia SCP En acceptar les presents\ncondicions, termes i pol\u00edtiques, l&#8217;Usuari consent expressament al fet que Node\nTopografia SCP realitzi les seg\u00fcents activitats i\/o accions, tret que l&#8217;Usuari\nindiqui el contrari:<\/p>\n\n\n\n<p>\u2022 L&#8217;enviament de comunicacions comercials i\/o promocionals\nper qualsevol mitj\u00e0 habilitat informant els Usuaris de les activitats, serveis,\npromocions, publicitat, not\u00edcies, ofertes i altra informaci\u00f3 sobre els serveis\ni productes relacionats amb l&#8217;activitat.<\/p>\n\n\n\n<p>\u2022 En cas que l&#8217;Usuari hagi consentit expressament a\nl&#8217;enviament de comunicacions comercials per via electr\u00f2nica mitjan\u00e7ant la\nsubscripci\u00f3 de la NEWSLETTER, l&#8217;enviament d&#8217;aquestes comunicacions per mitjans\nelectr\u00f2nics informant els Usuaris de les activitats, serveis, promocions,\npublicitat, not\u00edcies, ofertes i altra informaci\u00f3 sobre els serveis i productes\nde Node Topografia SCP iguals o similars als quals van anar inicialment objecte\nde contractaci\u00f3 o d&#8217;inter\u00e8s per l&#8217;Usuari.<\/p>\n\n\n\n<p>\u2022 La conservaci\u00f3 de les dades durant els terminis previstos\nen les disposicions aplicables. <\/p>\n\n\n\n<p><strong>DRETS DE LES PERSONES INTERESSADES<\/strong><\/p>\n\n\n\n<p>Com a usuari-interessat, pot sol\u00b7licitar l&#8217;exercici dels\nseg\u00fcents drets davant Node Topografia SCP presentant un escrit a l&#8217;adre\u00e7a\npostal de l&#8217;encap\u00e7alament o enviant un correu electr\u00f2nic a , indicant com a\nAssumpte: \u201cPROTECCI\u00d3 DE DADES: DRETS AFECTATS\u201d, i adjuntant fotoc\u00f2pia del seu\nDNI o qualsevol mitj\u00e0 an\u00e0leg en dret, tal com indica la llei.<\/p>\n\n\n\n<p><strong>Drets:<\/strong><\/p>\n\n\n\n<p>\u2022 <strong>Dret d&#8217;acc\u00e9s:<\/strong>\npermet a l&#8217;interessat con\u00e8ixer i obtenir informaci\u00f3 sobre les seves dades de\ncar\u00e0cter personal sotmesos a tractament.<\/p>\n\n\n\n<p>\u2022 <strong>Dret de rectificaci\u00f3\no supressi\u00f3:<\/strong> permet corregir errors i modificar les dades que resultin ser\ninexactes o incomplets.<\/p>\n\n\n\n<p>\u2022 <strong>Dret de\ncancel\u00b7laci\u00f3:<\/strong> permet que se suprimeixin les dades que resultin ser\ninadequats o excessius.<\/p>\n\n\n\n<p>\u2022 <strong>Dret d&#8217;oposici\u00f3:<\/strong>\ndret de l&#8217;interessat al fet que no es dugui a terme el tractament de les seves\ndades de car\u00e0cter personal o se cessi en el mateix.<\/p>\n\n\n\n<p>\u2022 <strong>Limitaci\u00f3 del\ntractament:<\/strong> comporta el marcat de les dades personals conservades, amb la\nfinalitat de limitar el seu futur tractament.<\/p>\n\n\n\n<p>\u2022 <strong>Portabilitat de les\ndades:<\/strong> facilitaci\u00f3 de les dades objecto de tractament a l&#8217;interessat, a fi\nque aquest pugui transmetre&#8217;ls a un altre responsable, sense impediments.<\/p>\n\n\n\n<p>\u2022 <strong>Dret a no ser\nobjecte de decisions individuals automatitzades (inclosa l&#8217;elaboraci\u00f3 de\nperfils):<\/strong> dret a no ser objecte d&#8217;una decisi\u00f3 basada en el tractament\nautomatitzat que produeixi efectes o afecti significativament.<\/p>\n\n\n\n<p>Com a usuari, t\u00e9 dret a retirar el consentiment prestat a\nqualsevol moment. La retirada del consentiment no afectar\u00e0 la licitud del tractament\nefectuat abans de la retirada del consentiment.<\/p>\n\n\n\n<p>Tamb\u00e9 t\u00e9 dret a presentar una reclamaci\u00f3 davant l&#8217;autoritat\nde control si considera que poden haver-se vist vulnerats els seus drets en\nrelaci\u00f3 amb la protecci\u00f3 de les seves dades (agpd.es).<\/p>\n\n\n\n<p><strong>CONSERVACI\u00d3 DE LES SEVES DADES<\/strong><\/p>\n\n\n\n<p>Les seves dades es conservaran mentre duri la relaci\u00f3\ncomercial amb nosaltres o exerciti el seu dret de cancel\u00b7laci\u00f3 o oposici\u00f3, o\nlimitaci\u00f3 al tractament. No obstant aix\u00f2, conservarem determinats dades\npersonals identificatives i del tr\u00e0fic durant el termini m\u00e0xim de 2 anys per al\ncas que fos requerit pels Jutges i Tribunals o per incoar accions internes\nderivades de l&#8217;\u00fas indegut de la p\u00e0gina web.<\/p>\n\n\n\n<p>No ser\u00e0 objecte de decisions basades en tractaments\nautomatitzats que produeixin efectes sobre les seves dades.<\/p>\n\n\n\n<p><strong>INFORMACI\u00d3 ADDICIONAL<\/strong><\/p>\n\n\n\n<p><strong>INFORMACI\u00d3 QUE\nRECAPTEM:<\/strong><\/p>\n\n\n\n<p>Les dades recollides per part del responsable s\u00f3n els\nseg\u00fcents:<\/p>\n\n\n\n<p>&#8211; Aquells que els usuaris subministrin a trav\u00e9s dels\ndiferents serveis oferts a la p\u00e0gina web <\/p>\n\n\n\n<p>&#8211; Aquells inclosos en els diferents formularis previstos a\nla p\u00e0gina web<\/p>\n\n\n\n<p>&#8211; Dades recollides a trav\u00e9s de les \u201ccookies\u201d per a la\nmillora de l&#8217;experi\u00e8ncia de la navegaci\u00f3 segons s&#8217;informa en la pol\u00edtica de\ncookies.<\/p>\n\n\n\n<p>La negativa a subministrar les dades obligat\u00f2ries suposar\u00e0\nla impossibilitat d&#8217;atendre la concreta sol\u00b7licitud que es tracti. Vost\u00e8\nmanifesta que la informaci\u00f3 i les dades que ens facilita s\u00f3n exactes, actuals i\nveraces. Li preguem que en cas de modificaci\u00f3, comuniqui immediatament la\nmateixa a fi que la informaci\u00f3 en tractament estigui a tot moment actualitzada\ni no contingui errors. Si contracta el servei\/compra el producte mitjan\u00e7ant la\nnostra p\u00e0gina web http:\/\/www.node.cat li sol\u00b7licitarem que ens proporcioni\ninformaci\u00f3 sobre vost\u00e8, inclosos el seu nom, dades de contacte i informaci\u00f3\nsobre una targeta de cr\u00e8dit o de d\u00e8bit.<\/p>\n\n\n\n<p>A trav\u00e9s d&#8217;aquesta Pol\u00edtica de Privacitat l&#8217;informem que les\nfotografies que estiguin penjades a la web s\u00f3n propietat de Node Topografia\nSCP, incloent-hi les dels menors, en les quals, per a l&#8217;obtenci\u00f3 d&#8217;aquestes,\ns&#8217;ha obtingut el consentiment previ dels pares, tutors o representants legals\nmitjan\u00e7ant la signatura dels formularis realitzats a aquest efecte pels centres\nen els quals els menors formen part. No obstant aix\u00f2, els pares, tutors o\nrepresentants dels menors, com a titulars de l&#8217;exercici dels drets d&#8217;aquests, i\nsempre previ requeriment formal per escrit, poden indicar la negativa a l&#8217;\u00fas de\nla imatge del menor; en aquest cas, la imatge es mostrar\u00e0 #pixelat.<\/p>\n\n\n\n<p><strong>XARXES SOCIALS <\/strong><\/p>\n\n\n\n<p>L&#8217;informem que Node Topografia SCP pot tenir pres\u00e8ncia en\nxarxes socials. El tractament de les dades que es dugui a terme de les persones\nque es facin seguidores a les xarxes socials (i\/o realitzin qualsevol vincle o\nacci\u00f3 de connexi\u00f3 a trav\u00e9s de les xarxes socials) de les p\u00e0gines oficials de\nNode Topografia SCP es regir\u00e0 per aquest apartat, aix\u00ed com per aquelles\ncondicions d&#8217;\u00fas, pol\u00edtiques de privacitat i normatives d&#8217;acc\u00e9s que pertanyin a\nla xarxa social que procedeixi en cada cas i acceptades pr\u00e8viament per\nl&#8217;usuari.<\/p>\n\n\n\n<p>Node Topografia SCP tractar\u00e0 les seves dades amb les\nfinalitats d&#8217;administrar correctament la seva pres\u00e8ncia a la xarxa social,\ninformant-li d&#8217;activitats, productes o serveis del prestador, aix\u00ed com per a\nqualsevol altra finalitat que les normatives de les Xarxes Socials permetin.\nQueda prohibida la publicaci\u00f3 de continguts:<\/p>\n\n\n\n<p>&#8211; Que siguin presumptament il\u00b7l\u00edcits per la normativa\nnacional, comunit\u00e0ria o internacional o que realitzin activitats presumptament\nil\u00b7l\u00edcites o contravinguin els principis de la bona fe.<\/p>\n\n\n\n<p>&#8211; Que atemptin contra els drets fonamentals de les persones,\nfaltin a la cortesia a la xarxa, molestin o puguin generar opinions negatives\nen els nostres usuaris o tercers i en general qualssevol siguin els continguts\nque Node Topografia SCP consideri inadequats.<\/p>\n\n\n\n<p>&#8211; I en general que contravinguin els principis de legalitat,\nresponsabilitat, protecci\u00f3 de la dignitat humana, protecci\u00f3 de menors,\nprotecci\u00f3 de l&#8217;ordre p\u00fablic, la protecci\u00f3 de la vida privada, la protecci\u00f3 del\nconsumidor i els drets de propietat intel\u00b7lectual i industrial.<\/p>\n\n\n\n<p>Aix\u00ed mateix, Node Topografia SCP es reserva la potestat de\nretirar, sense previ av\u00eds del lloc web o de la xarxa social corporativa aquells\ncontinguts que es considerin inadequats.<\/p>\n\n\n\n<p>Les comunicacions remeses a trav\u00e9s de les xarxes socials\nseran incorporades a un arxiu propietat de Node Topografia SCP, podent-li\nenviar informaci\u00f3 del seu inter\u00e8s.<\/p>\n\n\n\n<p>Pot accedir a m\u00e9s informaci\u00f3, aix\u00ed com consultar les\nempreses que formen part de Node Topografia SCP, mitjan\u00e7ant el seg\u00fcent enlla\u00e7:\nwww.empresa.com\/politicadeprivacidad.<\/p>\n\n\n\n<p>En tot cas, si V\u00e8. remet informaci\u00f3 personal a trav\u00e9s de la\nxarxa social, Node Topografia SCP quedar\u00e0 exempt de responsabilitat en relaci\u00f3\na les mesures de seguretat aplicables a la present plataforma, devent l&#8217;usuari\nen cas de voler con\u00e8ixer-les, consultar les corresponents condicions\nparticulars de la xarxa en q\u00fcesti\u00f3.<\/p>\n\n\n\n<p><strong>MESURES DE SEGURETAT:<\/strong><\/p>\n\n\n\n<p>Les dades que ens faciliti es tractaran de forma\nconfidencial. El Prestador ha adoptat totes les mesures t\u00e8cniques i\norganitzatives i tots els nivells de protecci\u00f3 necessaris per garantir la\nseguretat en el tractament de les dades i evitar la seva alteraci\u00f3, p\u00e8rdua,\nrobatori, tractament o acc\u00e9s no autoritzat, d&#8217;acord l&#8217;estat de la tecnologia i\nnaturalesa de les dades emmagatzemades. Aix\u00ed mateix, es garanteix tamb\u00e9 que el\ntractament i registre en fitxers, programes, sistemes o equips, locals i\ncentres compleixen amb els requisits i condicions d&#8217;integritat i seguretat\nestablertes en la normativa vigent.<\/p>\n\n\n\n<p><strong>IDIOMA <\/strong><\/p>\n\n\n\n<p>L&#8217;idioma aplicable a aquesta Pol\u00edtica de Privacitat \u00e9s\nl&#8217;espanyol. Per tant, en cas que hi hagu\u00e9s alguna contradicci\u00f3 en alguna de les\nversions facilitades en altres idiomes, prevaldr\u00e0 la versi\u00f3 en espanyol.<\/p>\n\n\n\n<p><strong>ENVIAMENT CV<\/strong><\/p>\n\n\n\n<p>En el cas que l&#8217;usuari envi\u00ef el seu CV a trav\u00e9s de la nostra\nweb, l&#8217;informem que les dades aportades seran tractats per fer-ho part\u00edcip dels\nprocessos de selecci\u00f3 que pugui haver-hi, duent a terme una an\u00e0lisi del perfil\ndel sol\u00b7licitant amb l&#8217;objectiu de seleccionar el millor candidat per al lloc\nvacant del Responsable. Ho informem que aquest \u00e9s l&#8217;\u00fanic procediment oficial\nper acceptar el seu curr\u00edculum, de manera que no s&#8217;acceptaran els curr\u00edculums\nremesos per un altre procediment diferent. En cas de produir-se alguna\nmodificaci\u00f3 en les dades, li preguem ens ho comuniqui per escrit el m\u00e9s davant\npossible, a fi de mantenir les seves dades degudament actualitzades.<\/p>\n\n\n\n<p>Les dades es conservaran durant un termini m\u00e0xim d&#8217;un any,\ntranscorregut el qual es procedir\u00e0 a la supressi\u00f3 de les dades garantint-li un\ntotal respecte a la confidencialitat tant en el tractament com en la seva\nposterior destrucci\u00f3. En aquest sentit, transcorregut l&#8217;esmentat termini, i si\ndesitja continuar participant en els processos de selecci\u00f3 del Responsable, li\npreguem ens remeti novament el seu curr\u00edculum.<\/p>\n\n\n\n<p>Les dades es podran tractar i\/o comunicar a les empreses\nintegrants del nostre grup durant el temps de conservaci\u00f3 del seu curr\u00edculum i\nper a les mateixes finalitats abans informats.<\/p>\n\n\n\n<p><strong>SUBSCRIPCI\u00d3 Al BLOG<\/strong><\/p>\n\n\n\n<p>En el cas que l&#8217;usuari se subscrigui al blog, l&#8217;informem que\nles dades aportades seran tractats per gestionar la seva subscripci\u00f3 al blog\ninformatiu amb av\u00eds d&#8217;actualitzaci\u00f3 i que es conservaran mentre hi hagi un\ninter\u00e8s mutu per mantenir la fi del tractament. Quan ja no sigui necessari per\na tal fi, se suprimiran amb mesures de seguretat adequades per garantir la\nseudonimizaci\u00f3 de les dades o destrucci\u00f3 total dels mateixos. No es comunicaran\nles dades a tercers, excepte obligaci\u00f3 legal.<\/p>\n\n\n\n<p><strong>PARTICIPACI\u00d3 EN F\u00d2RUMS<\/strong><\/p>\n\n\n\n<p>En el cas que l&#8217;usuari vulgui participar en els f\u00f2rums de la\nweb, l&#8217;informem que les dades aportades seran tractats per regular la\nparticipaci\u00f3 en el mateix. Qualsevol registre o transmissi\u00f3 de dades personals\nque l&#8217;usuari d&#8217;aquest f\u00f2rum faciliti suposa el coneixement i acceptaci\u00f3\ninequ\u00edvoca de l&#8217;Av\u00eds Legal i la Pol\u00edtica de Privacitat exposats a la p\u00e0gina\nweb. Les dades es conservaran mentre hi hagi un inter\u00e8s mutu per mantenir la fi\ndel tractament i quan ja no sigui necessari per a tal fi, se suprimiran amb\nmesures de seguretat adequades per garantir la seudonimitzaci\u00f3 de les dades o\ndestrucci\u00f3 total dels mateixos. Les publicacions es mostraran p\u00fablicament als\nusuaris del f\u00f2rum online.<\/p>\n\n\n\n<p><strong>PUBLICACI\u00d3 DEL SEU\nTESTIMONIATGE<\/strong><\/p>\n\n\n\n<p>En el cas que l&#8217;usuari vulgui publicar la seva opini\u00f3 a la\nweb, l&#8217;informem que les dades aportades seran tractats seran per atendre els\nsuggeriments proposats, experi\u00e8ncies o opinions respecte dels productes i\/o\nserveis per ser publicades a la p\u00e0gina web i aix\u00ed poder ajudar a altres usuaris.\nLes dades es conservaran mentre hi hagi un inter\u00e8s mutu per mantenir la fi del\ntractament i quan ja no sigui necessari per a tal fi, se suprimiran amb mesures\nde seguretat adequades per garantir la seudonimitzaci\u00f3 de les dades o\ndestrucci\u00f3 total dels mateixos. Els testimonis es publicaran a la nostra p\u00e0gina\nweb. L&#8217;\u00fanica dada personal que es publicar\u00e0 del testimoni ser\u00e0 el seu nom.<\/p>\n\n\n\n<p><strong>CANVIS EN LA PRESENT\nPOL\u00cdTICA DE PRIVACITAT<\/strong><\/p>\n\n\n\n<p>Node Topografia SCP es reserva el dret a modificar la\npresent pol\u00edtica per adaptar-la a novetats legislatives o jurisprudencials. <\/p>\n\n\n\n<p><strong>LEGISLACI\u00d3<\/strong><\/p>\n\n\n\n<p>Amb car\u00e0cter general les relacions entre Node Topografia SCP\namb els Usuaris dels seus serveis telem\u00e0tics, presents en aquesta Web, estan\nsotmesos a la legislaci\u00f3 i jurisdicci\u00f3 espanyola a la qual es sotmeten\nexpressament les parts, essent competents per la resoluci\u00f3 de tots els\nconflictes derivats o relacionats amb el seu \u00fas els Jutjats i Tribunals de\nBarcelona.<\/p>\n","protected":false},"excerpt":{"rendered":"<p>RESPONSABLE DEL TRACTAMENT Identitat: Node Topografia SCP (tamb\u00e9 el prestador) NIF: J67336412 Adre\u00e7a postal: Muralla del Tigre 12, 08302 Matar\u00f3, [&hellip;]<\/p>\n","protected":false},"author":1,"featured_media":0,"parent":0,"menu_order":0,"comment_status":"closed","ping_status":"closed","template":"","meta":{"inline_featured_image":false,"footnotes":""},"yoast_head":"<!-- This site is optimized with the Yoast SEO plugin v22.6 - https:\/\/yoast.com\/wordpress\/plugins\/seo\/ -->\n<title>Pol\u00edtica de privacidad - Node Topograf\u00eda<\/title>\n<meta name=\"robots\" content=\"index, follow, max-snippet:-1, max-image-preview:large, max-video-preview:-1\" \/>\n<link rel=\"canonical\" href=\"https:\/\/node.cat\/politica-de-privacitat\/\" \/>\n<meta property=\"og:locale\" content=\"es_ES\" \/>\n<meta property=\"og:type\" content=\"article\" \/>\n<meta property=\"og:title\" content=\"Pol\u00edtica de privacidad - Node Topograf\u00eda\" \/>\n<meta property=\"og:description\" content=\"RESPONSABLE DEL TRACTAMENT Identitat: Node Topografia SCP (tamb\u00e9 el prestador) NIF: J67336412 Adre\u00e7a postal: Muralla del Tigre 12, 08302 Matar\u00f3, [&hellip;]\" \/>\n<meta property=\"og:url\" content=\"https:\/\/node.cat\/politica-de-privacitat\/\" \/>\n<meta property=\"og:site_name\" content=\"Node Topograf\u00eda\" \/>\n<meta property=\"article:modified_time\" content=\"2019-05-09T08:05:30+00:00\" \/>\n<meta name=\"twitter:card\" content=\"summary_large_image\" \/>\n<meta name=\"twitter:label1\" content=\"Tiempo de lectura\" \/>\n\t<meta name=\"twitter:data1\" content=\"13 minutos\" \/>\n<script type=\"application\/ld+json\" class=\"yoast-schema-graph\">{\"@context\":\"https:\/\/schema.org\",\"@graph\":[{\"@type\":\"WebPage\",\"@id\":\"https:\/\/node.cat\/politica-de-privacitat\/\",\"url\":\"https:\/\/node.cat\/politica-de-privacitat\/\",\"name\":\"Pol\u00edtica de privacidad - Node Topograf\u00eda\",\"isPartOf\":{\"@id\":\"https:\/\/node.cat\/#website\"},\"datePublished\":\"2019-03-29T09:51:29+00:00\",\"dateModified\":\"2019-05-09T08:05:30+00:00\",\"breadcrumb\":{\"@id\":\"https:\/\/node.cat\/politica-de-privacitat\/#breadcrumb\"},\"inLanguage\":\"es\",\"potentialAction\":[{\"@type\":\"ReadAction\",\"target\":[\"https:\/\/node.cat\/politica-de-privacitat\/\"]}]},{\"@type\":\"BreadcrumbList\",\"@id\":\"https:\/\/node.cat\/politica-de-privacitat\/#breadcrumb\",\"itemListElement\":[{\"@type\":\"ListItem\",\"position\":1,\"name\":\"Inici\",\"item\":\"https:\/\/node.cat\/es\/\"},{\"@type\":\"ListItem\",\"position\":2,\"name\":\"Pol\u00edtica de privacidad\"}]},{\"@type\":\"WebSite\",\"@id\":\"https:\/\/node.cat\/#website\",\"url\":\"https:\/\/node.cat\/\",\"name\":\"Node Topograf\u00eda\",\"description\":\"Servicios para profesionales, agentes de la construcci\u00f3n, promotores y particulares\",\"publisher\":{\"@id\":\"https:\/\/node.cat\/#organization\"},\"potentialAction\":[{\"@type\":\"SearchAction\",\"target\":{\"@type\":\"EntryPoint\",\"urlTemplate\":\"https:\/\/node.cat\/?s={search_term_string}\"},\"query-input\":\"required name=search_term_string\"}],\"inLanguage\":\"es\"},{\"@type\":\"Organization\",\"@id\":\"https:\/\/node.cat\/#organization\",\"name\":\"Node\",\"url\":\"https:\/\/node.cat\/\",\"logo\":{\"@type\":\"ImageObject\",\"inLanguage\":\"es\",\"@id\":\"https:\/\/node.cat\/#\/schema\/logo\/image\/\",\"url\":\"https:\/\/node.cat\/wp-content\/uploads\/2019\/02\/Node_topo.svg\",\"contentUrl\":\"https:\/\/node.cat\/wp-content\/uploads\/2019\/02\/Node_topo.svg\",\"width\":1,\"height\":1,\"caption\":\"Node\"},\"image\":{\"@id\":\"https:\/\/node.cat\/#\/schema\/logo\/image\/\"}}]}<\/script>\n<!-- \/ Yoast SEO plugin. -->","yoast_head_json":{"title":"Pol\u00edtica de privacidad - Node Topograf\u00eda","robots":{"index":"index","follow":"follow","max-snippet":"max-snippet:-1","max-image-preview":"max-image-preview:large","max-video-preview":"max-video-preview:-1"},"canonical":"https:\/\/node.cat\/politica-de-privacitat\/","og_locale":"es_ES","og_type":"article","og_title":"Pol\u00edtica de privacidad - Node Topograf\u00eda","og_description":"RESPONSABLE DEL TRACTAMENT Identitat: Node Topografia SCP (tamb\u00e9 el prestador) NIF: J67336412 Adre\u00e7a postal: Muralla del Tigre 12, 08302 Matar\u00f3, [&hellip;]","og_url":"https:\/\/node.cat\/politica-de-privacitat\/","og_site_name":"Node Topograf\u00eda","article_modified_time":"2019-05-09T08:05:30+00:00","twitter_card":"summary_large_image","twitter_misc":{"Tiempo de lectura":"13 minutos"},"schema":{"@context":"https:\/\/schema.org","@graph":[{"@type":"WebPage","@id":"https:\/\/node.cat\/politica-de-privacitat\/","url":"https:\/\/node.cat\/politica-de-privacitat\/","name":"Pol\u00edtica de privacidad - Node Topograf\u00eda","isPartOf":{"@id":"https:\/\/node.cat\/#website"},"datePublished":"2019-03-29T09:51:29+00:00","dateModified":"2019-05-09T08:05:30+00:00","breadcrumb":{"@id":"https:\/\/node.cat\/politica-de-privacitat\/#breadcrumb"},"inLanguage":"es","potentialAction":[{"@type":"ReadAction","target":["https:\/\/node.cat\/politica-de-privacitat\/"]}]},{"@type":"BreadcrumbList","@id":"https:\/\/node.cat\/politica-de-privacitat\/#breadcrumb","itemListElement":[{"@type":"ListItem","position":1,"name":"Inici","item":"https:\/\/node.cat\/es\/"},{"@type":"ListItem","position":2,"name":"Pol\u00edtica de privacidad"}]},{"@type":"WebSite","@id":"https:\/\/node.cat\/#website","url":"https:\/\/node.cat\/","name":"Node Topograf\u00eda","description":"Servicios para profesionales, agentes de la construcci\u00f3n, promotores y particulares","publisher":{"@id":"https:\/\/node.cat\/#organization"},"potentialAction":[{"@type":"SearchAction","target":{"@type":"EntryPoint","urlTemplate":"https:\/\/node.cat\/?s={search_term_string}"},"query-input":"required name=search_term_string"}],"inLanguage":"es"},{"@type":"Organization","@id":"https:\/\/node.cat\/#organization","name":"Node","url":"https:\/\/node.cat\/","logo":{"@type":"ImageObject","inLanguage":"es","@id":"https:\/\/node.cat\/#\/schema\/logo\/image\/","url":"https:\/\/node.cat\/wp-content\/uploads\/2019\/02\/Node_topo.svg","contentUrl":"https:\/\/node.cat\/wp-content\/uploads\/2019\/02\/Node_topo.svg","width":1,"height":1,"caption":"Node"},"image":{"@id":"https:\/\/node.cat\/#\/schema\/logo\/image\/"}}]}},"_links":{"self":[{"href":"https:\/\/node.cat\/es\/wp-json\/wp\/v2\/pages\/1435"}],"collection":[{"href":"https:\/\/node.cat\/es\/wp-json\/wp\/v2\/pages"}],"about":[{"href":"https:\/\/node.cat\/es\/wp-json\/wp\/v2\/types\/page"}],"author":[{"embeddable":true,"href":"https:\/\/node.cat\/es\/wp-json\/wp\/v2\/users\/1"}],"replies":[{"embeddable":true,"href":"https:\/\/node.cat\/es\/wp-json\/wp\/v2\/comments?post=1435"}],"version-history":[{"count":2,"href":"https:\/\/node.cat\/es\/wp-json\/wp\/v2\/pages\/1435\/revisions"}],"predecessor-version":[{"id":1439,"href":"https:\/\/node.cat\/es\/wp-json\/wp\/v2\/pages\/1435\/revisions\/1439"}],"wp:attachment":[{"href":"https:\/\/node.cat\/es\/wp-json\/wp\/v2\/media?parent=1435"}],"curies":[{"name":"wp","href":"https:\/\/api.w.org\/{rel}","templated":true}]}}